{"id":2341,"date":"2024-08-20T09:45:01","date_gmt":"2024-08-20T07:45:01","guid":{"rendered":"https:\/\/kunsthandel-puch.de\/produkt\/les-ancetres-au-paradis\/"},"modified":"2024-09-29T11:29:26","modified_gmt":"2024-09-29T09:29:26","slug":"les-ancetres-au-paradis","status":"publish","type":"product","link":"https:\/\/kunsthandel-puch.de\/fr\/produkt\/les-ancetres-au-paradis\/","title":{"rendered":"Les anc\u00eatres au paradis"},"content":{"rendered":"<h3>Les anc\u00eatres au paradis :<\/h3>\n<h4 class=\"hidden\" style=\"text-align: center;\">Ic\u00f4nes anciennes de collection Ic\u00f4nes \u00e0 vendre et \u00e0 acheter \u00e0 Munich et \u00e0 Zurich<\/h4>\n<p>Le th\u00e8me biblique \u00ab\u00a0Les <a href=\"https:\/\/de.wikipedia.org\/wiki\/Erzelternerz%C3%A4hlung\">anc\u00eatres<\/a> au paradis\u00a0\u00bb est un motif central qui souligne le lien \u00e9troit entre les patriarches de l&rsquo;Ancien Testament et l&rsquo;humanit\u00e9. Les <a href=\"https:\/\/www.bibelstudium.de\/articles\/125\/genau-lesen-11-der-gott-abrahams-isaaks-und-jakobs.html\">anc\u00eatres<\/a> Abraham, Isaac et Jacob, v\u00e9n\u00e9r\u00e9s comme les p\u00e8res de la foi, jouent un r\u00f4le cl\u00e9 dans l&rsquo;histoire du peuple de Dieu. Leur repr\u00e9sentation au paradis symbolise l&rsquo;accomplissement des promesses divines et la b\u00e9n\u00e9diction qui se transmet \u00e0 l&rsquo;humanit\u00e9 par leur descendance.<\/p>\n<h4 class=\"hidden\" style=\"text-align: center;\">Vendre et acheter des ic\u00f4nes anciennes rares \u00e0 Munich et \u00e0 Cologne<\/h4>\n<h3>Vers l&rsquo;ic\u00f4ne :<\/h3>\n<h4 class=\"hidden\" style=\"text-align: center;\">Ic\u00f4nes rares et anciennes originales \u00e0 vendre et \u00e0 acheter \u00e0 Munich et \u00e0 D\u00fcsseldorf<\/h4>\n<p>\u0152uvre d&rsquo;art impressionnante qui reprend ce th\u00e8me, cette <a href=\"https:\/\/kunsthandel-puch.de\/fr\/produkt-kategorie\/icones\/\">ic\u00f4ne<\/a> n&rsquo;est pas seulement un t\u00e9moignage important de l&rsquo;art religieux, mais aussi une pi\u00e8ce de collection pr\u00e9cieuse. L&rsquo;ic\u00f4ne est fabriqu\u00e9e sur un panneau unique en bois de feuillus, dont la stabilit\u00e9 est assur\u00e9e par deux sponkis arri\u00e8re \u00e0 rotation inverse. La peinture artistique \u00e0 la tempera \u00e0 l&rsquo;\u0153uf sur fond de craie conf\u00e8re \u00e0 l&rsquo;\u0153uvre une intensit\u00e9 de couleur lumineuse et une profondeur remarquable, tandis que le basma d&rsquo;argent, une fine couche de m\u00e9tal, orne le bord du champ pictural et refl\u00e8te la lumi\u00e8re divine.<\/p>\n<p>Dans le champ l\u00e9g\u00e8rement en creux de l&rsquo;ic\u00f4ne, les trois saints anc\u00eatres Abraham, Isaac et Jacob sont repr\u00e9sent\u00e9s en pied. Ils sont assis sur une bande de nuages qui symbolise leur \u00e9l\u00e9vation et leur place au paradis. Derri\u00e8re eux s&rsquo;ouvre le paysage paradisiaque qui repr\u00e9sente le lieu de repos final des croyants. Chacun des anc\u00eatres tient sur ses genoux trois enfants, qui repr\u00e9sentent symboliquement l&rsquo;humanit\u00e9 et la promesse divine de descendance et de b\u00e9n\u00e9diction.<\/p>\n<p>Au-dessus des saints, Dieu le P\u00e8re tr\u00f4ne dans un banc de nuages, sa main b\u00e9nissante \u00e9tendue sur la sc\u00e8ne. Cette repr\u00e9sentation souligne la sollicitude divine et les b\u00e9n\u00e9dictions transmises \u00e0 l&rsquo;ensemble de l&rsquo;humanit\u00e9 par les anc\u00eatres.<\/p>\n<h4 class=\"hidden\" style=\"text-align: center;\">  Vendre et acheter des ic\u00f4nes anciennes \u00e0 D\u00fcsseldorf et Cologne<\/h4>\n<p>La garniture en argent sur le bord de l&rsquo;ic\u00f4ne porte la marque de ma\u00eetre-conservateur de Grigory Lusinov et la date de 1797. L&rsquo;<a href=\"https:\/\/kunsthandel-puch.de\/fr\/produkt-kategorie\/icones\/\">ic\u00f4ne<\/a> est en bon \u00e9tat de conservation et constitue une pi\u00e8ce de collection rare qui rev\u00eat une importance non seulement religieuse, mais aussi historique et artistique. Elle offre un aper\u00e7u fascinant de l&rsquo;h\u00e9ritage spirituel et de l&rsquo;importance culturelle de la foi chr\u00e9tienne au 18e si\u00e8cle.<\/p>\n<p>Une pi\u00e8ce de collection rare !<\/p>\n<p><a href=\"https:\/\/kunsthandel-puch.de\/fr\/produkt-kategorie\/icones\/\"><input class=\"wpcf7-form-control wpcf7-submit has-spinner\" style=\"border-radius: 18px;\" type=\"submit\" value=\"Vers les ic\u00f4nes\"><\/a><\/p>\n","protected":false},"excerpt":{"rendered":"<p><strong>Origine<br \/>\n<\/strong>Russie\/ \u00c9cole de peinture de Saint-P\u00e9tersbourg<strong><br \/>\n\u00c2ge<br \/>\n<\/strong>18. XIXe si\u00e8cle<strong><br \/>\nTaille<br \/>\n<\/strong>28,5 cm x 22,0 cm<strong><br \/>\nAncien propri\u00e9taire<br \/>\n<\/strong>Collection priv\u00e9e rh\u00e9nane<\/p>\n","protected":false},"featured_media":2191,"template":"","meta":[],"product_brand":[],"product_cat":[178,170,176,172,174],"product_tag":[],"class_list":{"0":"post-2341","1":"product","2":"type-product","3":"status-publish","4":"has-post-thumbnail","6":"product_cat-18eme-siecle","7":"product_cat-icones","8":"product_cat-peinture-a-la-detrempe","9":"product_cat-russie","10":"product_cat-saint-petersbourg","11":"","12":"woocommerce-text-align-center","13":"woocommerce-image-align-center","14":"do-quantity-buttons","16":"first","17":"instock","18":"shipping-taxable","19":"product-type-simple"},"_links":{"self":[{"href":"https:\/\/kunsthandel-puch.de\/fr\/wp-json\/wp\/v2\/product\/2341","targetHints":{"allow":["GET"]}}],"collection":[{"href":"https:\/\/kunsthandel-puch.de\/fr\/wp-json\/wp\/v2\/product"}],"about":[{"href":"https:\/\/kunsthandel-puch.de\/fr\/wp-json\/wp\/v2\/types\/product"}],"wp:featuredmedia":[{"embeddable":true,"href":"https:\/\/kunsthandel-puch.de\/fr\/wp-json\/wp\/v2\/media\/2191"}],"wp:attachment":[{"href":"https:\/\/kunsthandel-puch.de\/fr\/wp-json\/wp\/v2\/media?parent=2341"}],"wp:term":[{"taxonomy":"product_brand","embeddable":true,"href":"https:\/\/kunsthandel-puch.de\/fr\/wp-json\/wp\/v2\/product_brand?post=2341"},{"taxonomy":"product_cat","embeddable":true,"href":"https:\/\/kunsthandel-puch.de\/fr\/wp-json\/wp\/v2\/product_cat?post=2341"},{"taxonomy":"product_tag","embeddable":true,"href":"https:\/\/kunsthandel-puch.de\/fr\/wp-json\/wp\/v2\/product_tag?post=2341"}],"curies":[{"name":"wp","href":"https:\/\/api.w.org\/{rel}","templated":true}]}}